{"id":12557,"date":"2025-03-27T11:20:46","date_gmt":"2025-03-27T10:20:46","guid":{"rendered":"https:\/\/elixfpv.com\/?page_id=12557"},"modified":"2025-11-24T01:26:01","modified_gmt":"2025-11-24T00:26:01","slug":"a-propos-de-moi","status":"publish","type":"page","link":"https:\/\/elixfpv.com\/ja\/a-propos-de-moi\/","title":{"rendered":"A propos de moi"},"content":{"rendered":"<div data-elementor-type=\"wp-page\" data-elementor-id=\"12557\" class=\"elementor elementor-12557\" data-elementor-settings=\"{&quot;element_pack_global_tooltip_width&quot;:{&quot;unit&quot;:&quot;px&quot;,&quot;size&quot;:&quot;&quot;,&quot;sizes&quot;:[]},&quot;element_pack_global_tooltip_width_tablet&quot;:{&quot;unit&quot;:&quot;px&quot;,&quot;size&quot;:&quot;&quot;,&quot;sizes&quot;:[]},&quot;element_pack_global_tooltip_width_mobile&quot;:{&quot;unit&quot;:&quot;px&quot;,&quot;size&quot;:&quot;&quot;,&quot;sizes&quot;:[]},&quot;element_pack_global_tooltip_padding&quot;:{&quot;unit&quot;:&quot;px&quot;,&quot;top&quot;:&quot;&quot;,&quot;right&quot;:&quot;&quot;,&quot;bottom&quot;:&quot;&quot;,&quot;left&quot;:&quot;&quot;,&quot;isLinked&quot;:true},&quot;element_pack_global_tooltip_padding_tablet&quot;:{&quot;unit&quot;:&quot;px&quot;,&quot;top&quot;:&quot;&quot;,&quot;right&quot;:&quot;&quot;,&quot;bottom&quot;:&quot;&quot;,&quot;left&quot;:&quot;&quot;,&quot;isLinked&quot;:true},&quot;element_pack_global_tooltip_padding_mobile&quot;:{&quot;unit&quot;:&quot;px&quot;,&quot;top&quot;:&quot;&quot;,&quot;right&quot;:&quot;&quot;,&quot;bottom&quot;:&quot;&quot;,&quot;left&quot;:&quot;&quot;,&quot;isLinked&quot;:true},&quot;element_pack_global_tooltip_border_radius&quot;:{&quot;unit&quot;:&quot;px&quot;,&quot;top&quot;:&quot;&quot;,&quot;right&quot;:&quot;&quot;,&quot;bottom&quot;:&quot;&quot;,&quot;left&quot;:&quot;&quot;,&quot;isLinked&quot;:true},&quot;element_pack_global_tooltip_border_radius_tablet&quot;:{&quot;unit&quot;:&quot;px&quot;,&quot;top&quot;:&quot;&quot;,&quot;right&quot;:&quot;&quot;,&quot;bottom&quot;:&quot;&quot;,&quot;left&quot;:&quot;&quot;,&quot;isLinked&quot;:true},&quot;element_pack_global_tooltip_border_radius_mobile&quot;:{&quot;unit&quot;:&quot;px&quot;,&quot;top&quot;:&quot;&quot;,&quot;right&quot;:&quot;&quot;,&quot;bottom&quot;:&quot;&quot;,&quot;left&quot;:&quot;&quot;,&quot;isLinked&quot;:true}}\" data-elementor-post-type=\"page\">\n\t\t\t\t<div class=\"elementor-element elementor-element-b171178 e-flex e-con-boxed e-con e-parent\" data-id=\"b171178\" data-element_type=\"container\" data-e-type=\"container\" data-settings=\"{&quot;background_background&quot;:&quot;classic&quot;}\">\n\t\t\t\t\t<div class=\"e-con-inner\">\n\t\t\t\t<div class=\"elementor-element elementor-element-8f4e75d elementor-widget elementor-widget-html\" data-id=\"8f4e75d\" data-element_type=\"widget\" data-e-type=\"widget\" data-widget_type=\"html.default\">\n\t\t\t\t<div class=\"elementor-widget-container\">\n\t\t\t\t\t<div class=\"about-elix-fpv\">\n\n  <!-- MON PARCOURS -->\n  <section class=\"about-section\" id=\"mon-parcours\">\n    <h2>Mon parcours<\/h2>\n\n    <p>\n      Le drone FPV, c\u2019est une histoire qui commence en <strong>2020\u20132021<\/strong>, durant mes \u00e9tudes en \n      <strong>Cin\u00e9ma \/ Th\u00e9\u00e2tre<\/strong> \u00e0 l\u2019Universit\u00e9 de Paris-Nanterre.\n    <\/p>\n\n    <p>\n      Un jour, je tombe par hasard sur une vid\u00e9o de <strong>Tomz FPV<\/strong> pour \n      <strong>Red Bull : Follow Me x Tom Pag\u00e8s<\/strong>, \n      o\u00f9 il suit un athl\u00e8te Red Bull en moto-cross en FPV. Je suis compl\u00e8tement abasourdi :\n    <\/p>\n\n    <div class=\"about-video-block\">\n      <div class=\"video-embed\">\n        <iframe \n          src=\"https:\/\/www.youtube.com\/embed\/hchNIR_J5eY?si=hHXbRRL-7Qadc0IC\" \n          title=\"Red Bull : Follow Me x Tom Pag\u00e8s by Tomz FPV\"\n          frameborder=\"0\"\n          allow=\"accelerometer; autoplay; clipboard-write; encrypted-media; gyroscope; picture-in-picture; web-share\"\n          allowfullscreen>\n        <\/iframe>\n      <\/div>\n      <p class=\"video-caption\">\n        <strong>Red Bull : Follow Me x Tom Pag\u00e8s<\/strong> \u2014 film\u00e9 par <strong>Tomz FPV<\/strong>.\n      <\/p>\n    <\/div>\n\n    <p><em>Comment est-il possible de cadrer avec autant de dynamisme et une telle proximit\u00e9&nbsp;?<\/em><\/p>\n\n    <p>\n      Je me renseigne alors sur ces drones <strong>FPV<\/strong>, et en comparant mes \u00e9tudes sur les techniques du cin\u00e9ma\n      avec les images que je viens de voir, j\u2019en tire cette conclusion :\n    <\/p>\n\n    <p>\n      <strong>Ce drone est une r\u00e9volution dans l\u2019audiovisuel&nbsp;!<\/strong>\n    <\/p>\n\n    <p>\n      Comme a pu l\u2019\u00eatre le steadycam ou les premi\u00e8res dolly, je suis persuad\u00e9 que le drone FPV est \n      une nouvelle porte dans la <strong>grammaire cin\u00e9matographique<\/strong>, permettant de capturer des sc\u00e8nes \n      avec des cadrages inconcevables auparavant.\n    <\/p>\n\n    <p>\n      C\u2019est avec cette id\u00e9e en t\u00eate que j\u2019arr\u00eate ma licence \u00e0 Nanterre avec un objectif : \n      <strong>je me laisse un an pour voir si ce drone a vraiment un potentiel pour \u00eatre utilis\u00e9 sur les tournages.<\/strong>\n    <\/p>\n\n    <p>\n      Une ann\u00e9e passe, o\u00f9 YouTube et les forums en ligne deviennent mes cours au quotidien, et les nuits blanches de bricolage \n      mon passe-temps favori. \u00c0 c\u00f4t\u00e9, des opportunit\u00e9s commencent \u00e0 se pr\u00e9senter, me donnant la d\u00e9termination de continuer \n      dans cette voie.\n    <\/p>\n\n    <p>\n      <strong>Quatre ans apr\u00e8s<\/strong>, c\u2019est \u00e0 travers le FPV que j\u2019ai eu la chance de travailler avec des artistes dont \n      j\u2019appr\u00e9cie \u00e9norm\u00e9ment le travail, de voyager \u00e0 travers le monde et de participer \u00e0 des tournages exceptionnels.\n    <\/p>\n\n    <p>\n      Il y a encore tellement de cadrages, de techniques et d\u2019utilisations passionnantes \u00e0 travailler avec le FPV, \n      et je suis d\u00e9termin\u00e9 \u00e0 en tirer <strong>son plein potentiel<\/strong>.\n    <\/p>\n  <\/section>\n\n  <!-- MES OBJECTIFS -->\n  <section class=\"about-section\" id=\"mes-objectifs\">\n    <h2>Mes objectifs dans le FPV<\/h2>\n\n    <p>J\u2019ai quatre objectifs majeurs dans le FPV :<\/p>\n\n    <h3>1. Faire \u00e9voluer constamment mes comp\u00e9tences en FPV<\/h3>\n    <p>\n      Mon premier objectif est de m\u2019entra\u00eener et de faire \u00e9voluer le plus possible mes comp\u00e9tences en FPV, \n      pour pouvoir proposer <strong>le plus de cr\u00e9ativit\u00e9 et de flexibilit\u00e9<\/strong> dans les projets auxquels je participe.\n    <\/p>\n    <p>\n      Ma\u00eetriser son cadrage au cin\u00e9ma est, je pense, fondamental, car il est un \u00e9l\u00e9ment cl\u00e9 de la narration, \n      permettant d\u2019exprimer des id\u00e9es et des \u00e9motions tout autant qu\u2019un dialogue entre deux personnages.\n    <\/p>\n    <p>\n      Je souhaite d\u00e9velopper mon <strong>vocabulaire visuel<\/strong> en cherchant de nouvelles techniques avec ces drones, \n      que je puisse associer \u00e0 mes connaissances en cin\u00e9ma, afin de proposer un <strong>lexique vari\u00e9 et complet<\/strong>.\n    <\/p>\n\n    <h3>2. Vous permettre d\u2019envisager vos plans les plus os\u00e9s<\/h3>\n    <p>\n      Mon deuxi\u00e8me objectif est d\u2019utiliser toutes ces connaissances et ces apprentissages pour vous laisser \n      envisager vos <strong>plans les plus ambitieux<\/strong>.\n    <\/p>\n    <p>\n      Le FPV est un drone ultra agile qui peut voler quasiment partout. Autant utiliser le maximum de ses capacit\u00e9s \n      gr\u00e2ce \u00e0 un pilote avec des comp\u00e9tences de pilotage capables d\u2019assumer la difficult\u00e9.\n    <\/p>\n\n    <h3>3. R\u00e9aliser et accompagner la mise en sc\u00e8ne<\/h3>\n    <p>\n      Mon troisi\u00e8me objectif est de <strong>r\u00e9aliser<\/strong>.\n    <\/p>\n    <p>\n      Gr\u00e2ce \u00e0 mes connaissances en cin\u00e9ma et en FPV, je souhaite pouvoir aider \u00e0 la r\u00e9alisation et travailler \n      en amont du tournage sur la structure que prendra le projet. Je souhaite aussi, sur le long terme, \n      r\u00e9aliser mes propres projets.\n    <\/p>\n\n    <h3>4. Partager une image positive du drone FPV<\/h3>\n    <p>\n      Enfin, je souhaite partager une image <strong>optimiste, cr\u00e9ative et inspirante<\/strong> du drone FPV.\n    <\/p>\n    <p>\n      Le FPV est malheureusement devenu aussi une technologie meurtri\u00e8re, comme nous pouvons le voir dans la guerre \n      entre l\u2019Ukraine et la Russie. M\u00eame si cette utilisation dans le cadre de la guerre \u00e9tait sans doute in\u00e9vitable, \n      je pense qu\u2019il est aussi de notre r\u00f4le, en tant que pilotes de drones FPV, \n      <strong>d\u2019\u00e9largir le champ de vision sur cette technologie<\/strong>, en partageant ses \n      incroyables potentiels artistiques plut\u00f4t que son potentiel de destruction.\n    <\/p>\n  <\/section>\n\n  <!-- ATELIER + BRICOLAGE -->\n  <section class=\"about-section\" id=\"atelier\">\n    <h2>Mon atelier, drones fait maison &amp; bricolage<\/h2>\n\n    <h3>Drones faits maison<\/h3>\n    <p>\n      L\u2019enti\u00e8ret\u00e9 de mes drones a \u00e9t\u00e9 <strong>assembl\u00e9e par mes soins<\/strong> !\n    <\/p>\n    <p>\n      Chacun de mes drones est construit en fonction de mes besoins et des demandes de la client\u00e8le, \n      ce qui me laisse une grande flexibilit\u00e9 pour la modification et l\u2019ajustement de mon mat\u00e9riel.\n    <\/p>\n\n    <p><em>(Ins\u00e9rer ici une photo de l\u2019atelier)<\/em><\/p>\n\n    <h3>Mon atelier<\/h3>\n    <p>\n      \u00catre pilote de drone FPV, c\u2019est aussi beaucoup de <strong>soudure<\/strong>, de <strong>bricolage<\/strong>, \n      d\u2019<strong>impression 3D<\/strong>, de <strong>programmation<\/strong>\u2026\n    <\/p>\n    <p>\n      Cela demande beaucoup de sang-froid et de d\u00e9termination pour arriver aux r\u00e9sultats souhait\u00e9s. \n      C\u2019est une pratique tr\u00e8s large et passionnante, qui s\u2019av\u00e8re extr\u00eamement utile sur un plateau de tournage, \n      o\u00f9 r\u00e9soudre rapidement des probl\u00e8mes inattendus est assez fr\u00e9quent.\n    <\/p>\n\n    <p>\n      M\u00eame si j\u2019assemble mes drones, je ne pourrais pas envisager d\u2019avoir un mat\u00e9riel parfaitement sur mesure \n      sans l\u2019aide de <strong>ParallaxFPV<\/strong> et <strong>Kayouframes<\/strong>, deux entreprises fran\u00e7aises \n      sp\u00e9cialis\u00e9es dans la confection de ch\u00e2ssis de drones FPV.\n    <\/p>\n    <p>\n      Ce sont des amis avec qui je travaille en \u00e9troite collaboration depuis mes d\u00e9buts, et je ne peux \u00eatre plus <strong>fier<\/strong>\n      que de voler avec leurs ch\u00e2ssis.\n    <\/p>\n    <p><strong>Merci les gars&nbsp;!<\/strong><\/p>\n  <\/section>\n\n  <!-- DRONE SUR MESURE -->\n  <section class=\"about-section\" id=\"drone-sur-mesure\">\n    <h2>Drone sur mesure possible<\/h2>\n\n    <p>\n      Il est tout \u00e0 fait possible d\u2019<strong>adapter mes drones \u00e0 vos besoins les plus pr\u00e9cis<\/strong>.\n      N\u2019h\u00e9sitez pas \u00e0 me contacter pour en discuter et concevoir ensemble une solution sur mesure pour votre projet.\n    <\/p>\n  <\/section>\n\n<\/div>\n\t\t\t\t<\/div>\n\t\t\t\t<\/div>\n\t\t\t\t\t<\/div>\n\t\t\t\t<\/div>\n\t\t\t\t<\/div>","protected":false},"excerpt":{"rendered":"<p>Mon parcours Le drone FPV, c\u2019est une histoire qui commence en 2020\u20132021, durant mes \u00e9tudes en Cin\u00e9ma \/ Th\u00e9\u00e2tre \u00e0 l\u2019Universit\u00e9 de Paris-Nanterre. Un jour, je tombe par hasard sur une vid\u00e9o de Tomz FPV pour Red Bull : Follow Me x Tom Pag\u00e8s, o\u00f9 il suit un athl\u00e8te Red Bull en moto-cross en FPV. Je suis compl\u00e8tement abasourdi : Red Bull : Follow Me x Tom Pag\u00e8s \u2014 film\u00e9 par Tomz FPV. Comment est-il possible de cadrer avec autant de dynamisme et une telle proximit\u00e9&nbsp;? Je me renseigne alors sur ces drones FPV, et en comparant mes \u00e9tudes sur les techniques du cin\u00e9ma avec les images que je viens [&hellip;]<\/p>","protected":false},"author":2,"featured_media":0,"parent":0,"menu_order":0,"comment_status":"closed","ping_status":"closed","template":"","meta":{"footnotes":""},"class_list":["post-12557","page","type-page","status-publish","hentry"],"_links":{"self":[{"href":"https:\/\/elixfpv.com\/ja\/wp-json\/wp\/v2\/pages\/12557","targetHints":{"allow":["GET"]}}],"collection":[{"href":"https:\/\/elixfpv.com\/ja\/wp-json\/wp\/v2\/pages"}],"about":[{"href":"https:\/\/elixfpv.com\/ja\/wp-json\/wp\/v2\/types\/page"}],"author":[{"embeddable":true,"href":"https:\/\/elixfpv.com\/ja\/wp-json\/wp\/v2\/users\/2"}],"replies":[{"embeddable":true,"href":"https:\/\/elixfpv.com\/ja\/wp-json\/wp\/v2\/comments?post=12557"}],"version-history":[{"count":43,"href":"https:\/\/elixfpv.com\/ja\/wp-json\/wp\/v2\/pages\/12557\/revisions"}],"predecessor-version":[{"id":15409,"href":"https:\/\/elixfpv.com\/ja\/wp-json\/wp\/v2\/pages\/12557\/revisions\/15409"}],"wp:attachment":[{"href":"https:\/\/elixfpv.com\/ja\/wp-json\/wp\/v2\/media?parent=12557"}],"curies":[{"name":"wp","href":"https:\/\/api.w.org\/{rel}","templated":true}]}}